{"id":937,"date":"2018-08-30T13:42:00","date_gmt":"2018-08-30T16:42:00","guid":{"rendered":"https:\/\/isfdhasenkamp-ers.infd.edu.ar\/sitio\/historia\/"},"modified":"2024-12-16T21:44:23","modified_gmt":"2024-12-17T00:44:23","slug":"historia","status":"publish","type":"page","link":"https:\/\/isfdhasenkamp-ers.infd.edu.ar\/sitio\/historia\/","title":{"rendered":"Historia"},"content":{"rendered":"<p class=\"MsoBodyText2\" style=\"margin: 0cm 0cm 0pt; text-align: center;\"><span style=\"font-size: 10pt; font-family: arial, helvetica, sans-serif;\"><strong style=\"mso-bidi-font-weight: normal;\"><em style=\"mso-bidi-font-style: normal;\"><span style=\"text-decoration: underline;\"><span lang=\"ES\">INSTITUTO DE FORMACI\u00d3N DOCENTE DE HASENKAMP: VIENTE A\u00d1OS EDUCANDO EN LA REGION.<\/span><\/span><\/em><\/strong><\/span><\/p>\n<p class=\"MsoBodyText2\" style=\"margin: 0cm 0cm 0pt; text-align: justify;\"><span lang=\"ES\" style=\"font-size: 10pt; font-family: arial, helvetica, sans-serif;\">\u00a0<\/span><\/p>\n<p class=\"MsoBodyText2\" style=\"margin: 0cm 0cm 0pt; text-align: justify;\"><span lang=\"ES\" style=\"font-size: 10pt; font-family: arial, helvetica, sans-serif;\">\u00a0<\/span><\/p>\n<p class=\"MsoBodyText2\" style=\"margin: 0cm 0cm 0pt; text-indent: 35.4pt; text-align: justify;\"><span lang=\"ES\" style=\"font-size: 10pt; font-family: verdana, geneva;\">Nuestra historia comienza \u00a0el 20 de abril del a\u00f1o 1987 cuando por Decreto N\u00ba 2004\/87 M.G.J.E. se crea el Profesorado de Ciencias Jur\u00eddicas y Contables, que se amplia por Decreto N\u00ba 2459\/91 M.G.J.E., dicha carrera tenia un amplio campo laboral en dos \u00e1reas importantes de la escuela media, como son el \u00e1rea jur\u00eddica o del derecho y el \u00e1rea contable-administrativo. La idea nace de un grupo de habitantes de nuestra localidad comprometidos con la educaci\u00f3n y observando que la mayor\u00eda de egresados de la escuela media, con mayor poder adquisitivo, deb\u00eda emigrar a las grandes ciudades a continuar los estudios superiores o Universitarios; y la poblaci\u00f3n que no lo pod\u00eda hacer, solo que quedaba la opci\u00f3n de incluirse en mercado Laboral.-<\/span><\/p>\n<p class=\"MsoBodyText2\" style=\"margin: 0cm 0cm 0pt; text-align: justify;\"><span lang=\"ES\" style=\"font-size: 10pt; font-family: verdana, geneva;\">\u00a0\u00a0\u00a0\u00a0\u00a0\u00a0\u00a0\u00a0 Desde sus comienzos y hasta el a\u00f1o 2.002, se formaron 130 docentes en doce promociones\u00a0 del Prof. Cs. Jur\u00eddicas y Contables, que se insertaron en toda la provincia, como tambi\u00e9n en Santa fe, Misiones, Mendoza y\u00a0 Neuqu\u00e9n.-<\/span><\/p>\n<p class=\"MsoBodyText2\" style=\"margin: 0cm 0cm 0pt; text-align: justify;\"><span lang=\"ES\" style=\"font-size: 10pt; font-family: verdana, geneva;\">Despu\u00e9s de desarrollar sus actividades en el Instituto Mariano Moreno y en la Escuela N\u00ba71; en el a\u00f1o 1995, en oportunidad de que nuestra municipalidad se traslado a su nuevo edificio, pasamos a funcionar en su antiguo edificio, cedido en comodato.-<\/span><\/p>\n<p class=\"MsoBodyText2\" style=\"margin: 0cm 0cm 0pt; text-align: justify;\"><span lang=\"ES\" style=\"font-size: 10pt; font-family: verdana, geneva;\">\u00a0\u00a0\u00a0\u00a0\u00a0\u00a0\u00a0\u00a0\u00a0\u00a0 En el a\u00f1o 1999 motivado por los cambios resultantes de la Ley Federal de Educaci\u00f3n nos transformamos, despu\u00e9s de realizar una investigaci\u00f3n educativa en la zona, en Profesorado de Ciencias Pol\u00edticas Resoluci\u00f3n N\u00ba 5063 Direcci\u00f3n de Educaci\u00f3n Superior y en el a\u00f1o 2000;\u00a0 se incorporo el Profesorado en Econom\u00eda Resoluci\u00f3n N\u00ba 4561, preparando docentes para E.G.B. 3 y Polimodal.-<\/span><\/p>\n<p class=\"MsoBodyText2\" style=\"margin: 0cm 0cm 0pt; text-align: justify;\"><span lang=\"ES\" style=\"font-size: 10pt; font-family: verdana, geneva;\">Desde el A\u00f1o 2005 se inaugura una sala Multimedial con PC y Conectividad aportada por el Programa Renovaci\u00f3n Pedag\u00f3gica, de gran importancia para la investigaci\u00f3n y profesionalizaci\u00f3n de la tarea docente.-<\/span><\/p>\n<p class=\"MsoBodyText2\" style=\"margin: 0cm 0cm 0pt; text-indent: 35.4pt; text-align: justify;\"><span style=\"font-size: 10pt; font-family: verdana, geneva;\"><span lang=\"ES\">La Instituci\u00f3n<\/span><span lang=\"ES\"> resulta una alternativa necesaria y diferente en la diversificaci\u00f3n de la formaci\u00f3n disciplinar llenando un vac\u00edo existente de docente en las \u00e1reas espec\u00edficas en la regi\u00f3n. Se destaca el hecho de que ingresan a la instituci\u00f3n j\u00f3venes y adultos provenientes de Hasenkamp, ciudades vecinas (Mar\u00eda Grande, Bovril, El Pingo, Cerrito, Alcaraz, Aldea Santa Mar\u00eda) y otras no tan cercanas al lugar (Federal, Conscripto Bernardi, Hernandarias, Hern\u00e1ndez, La Paz) entre otras. <\/span><\/span><\/p>\n<p class=\"MsoBodyText2\" style=\"margin: 0cm 0cm 0pt; text-indent: 35.4pt; text-align: justify;\"><span lang=\"ES\" style=\"font-size: 10pt; font-family: verdana, geneva;\">Un grupo de alumnos de 3\u00ba y 4\u00ba a\u00f1o, particip\u00f3 en seminario Provincial y luego Internacional en Buenos aires sobre Proyecto \u201ca 30 a\u00f1os del Golpe\u201d\u00a0 con monograf\u00edas desde el espacio de Derechos Humanos; propuesto por Ministerio de Educaci\u00f3n Nacional y lograron la publicaci\u00f3n de sus monograf\u00edas en la Pagina creada a tal fin, y para crear material apoyo a las c\u00e1tedra ante mencionada.-<\/span><\/p>\n<p><span style=\"font-size: 10pt; font-family: verdana, geneva;\">\u00a0<\/span><\/p>\n","protected":false},"excerpt":{"rendered":"<p>INSTITUTO DE FORMACI\u00d3N DOCENTE DE HASENKAMP: VIENTE A\u00d1OS EDUCANDO EN LA REGION. \u00a0 \u00a0 Nuestra historia comienza \u00a0el 20 de abril del a\u00f1o 1987 cuando por Decreto N\u00ba 2004\/87 M.G.J.E. se crea el Profesorado de Ciencias Jur\u00eddicas y Contables, que se amplia por Decreto N\u00ba 2459\/91 M.G.J.E., dicha carrera tenia un amplio campo laboral en &#8230; <a title=\"Historia\" class=\"read-more\" href=\"https:\/\/isfdhasenkamp-ers.infd.edu.ar\/sitio\/historia\/\" aria-label=\"More on Historia\">[+]<\/a><\/p>\n","protected":false},"author":299,"featured_media":0,"parent":0,"menu_order":0,"comment_status":"closed","ping_status":"closed","template":"","meta":[],"acf":[],"_links":{"self":[{"href":"https:\/\/isfdhasenkamp-ers.infd.edu.ar\/sitio\/wp-json\/wp\/v2\/pages\/937"}],"collection":[{"href":"https:\/\/isfdhasenkamp-ers.infd.edu.ar\/sitio\/wp-json\/wp\/v2\/pages"}],"about":[{"href":"https:\/\/isfdhasenkamp-ers.infd.edu.ar\/sitio\/wp-json\/wp\/v2\/types\/page"}],"author":[{"embeddable":true,"href":"https:\/\/isfdhasenkamp-ers.infd.edu.ar\/sitio\/wp-json\/wp\/v2\/users\/299"}],"replies":[{"embeddable":true,"href":"https:\/\/isfdhasenkamp-ers.infd.edu.ar\/sitio\/wp-json\/wp\/v2\/comments?post=937"}],"version-history":[{"count":3,"href":"https:\/\/isfdhasenkamp-ers.infd.edu.ar\/sitio\/wp-json\/wp\/v2\/pages\/937\/revisions"}],"predecessor-version":[{"id":2326,"href":"https:\/\/isfdhasenkamp-ers.infd.edu.ar\/sitio\/wp-json\/wp\/v2\/pages\/937\/revisions\/2326"}],"wp:attachment":[{"href":"https:\/\/isfdhasenkamp-ers.infd.edu.ar\/sitio\/wp-json\/wp\/v2\/media?parent=937"}],"curies":[{"name":"wp","href":"https:\/\/api.w.org\/{rel}","templated":true}]}}